{"id":20,"date":"2017-10-11T15:20:12","date_gmt":"2017-10-11T15:20:12","guid":{"rendered":"https:\/\/pieroni.org\/?page_id=20"},"modified":"2018-03-01T12:25:13","modified_gmt":"2018-03-01T11:25:13","slug":"eroe","status":"publish","type":"page","link":"https:\/\/www.pieroni.org\/index.php\/eroe\/","title":{"rendered":"Eroe"},"content":{"rendered":"<p>&nbsp;<\/p>\n<p style=\"text-align: left;\"><img loading=\"lazy\" decoding=\"async\" class=\" wp-image-110 aligncenter\" src=\"https:\/\/pieroni.org\/wp-content\/uploads\/2017\/10\/Busc3-1-200x300.gif\" alt=\"\" width=\"287\" height=\"431\" srcset=\"https:\/\/www.pieroni.org\/wp-content\/uploads\/2017\/10\/Busc3-1-200x300.gif 200w, https:\/\/www.pieroni.org\/wp-content\/uploads\/2017\/10\/Busc3-1-768x1151.gif 768w, https:\/\/www.pieroni.org\/wp-content\/uploads\/2017\/10\/Busc3-1-683x1024.gif 683w, https:\/\/www.pieroni.org\/wp-content\/uploads\/2017\/10\/Busc3-1-820x1229.gif 820w\" sizes=\"auto, (max-width: 287px) 100vw, 287px\" \/><b><\/b><\/p>\n<h3 style=\"text-align: center;\"><span style=\"color: #808000;\"><span style=\"font-family: 'BankGothic Md BT'; font-size: large;\">Com.te Pilota Carlo FAGGIONI<br \/>\n<\/span><span style=\"color: #996600; font-family: 'BankGothic Md BT'; font-size: small;\">Carrara 26 Gennaio 1915<br \/>\nMediterraneo Centrale<\/span><span style=\"color: #996600; font-size: small;\"><span style=\"font-family: 'BankGothic Md BT';\">\u00a0<\/span>11 Marzo 1944\u00a0<\/span><\/span><span style=\"color: #996600; font-size: small;\">\u00a0\u00a0\u00a0<\/span><\/h3>\n<p><a href=\"https:\/\/pieroni.org\/flagitaliano-2\/\"><img loading=\"lazy\" decoding=\"async\" class=\"size-full wp-image-114 aligncenter\" src=\"https:\/\/pieroni.org\/wp-content\/uploads\/2017\/10\/Flagitaliano-1.jpg\" alt=\"\" width=\"54\" height=\"53\" \/><\/a><\/p>\n<h3 style=\"text-align: center;\"><img loading=\"lazy\" decoding=\"async\" class=\"size-full wp-image-115 aligncenter\" src=\"https:\/\/pieroni.org\/wp-content\/uploads\/2017\/10\/gold_medal-1.jpg\" alt=\"\" width=\"86\" height=\"189\" \/><span style=\"font-size: 16px;\">MOTIVAZIONE MEDAGLIA D&#8217;ORO<\/span><\/h3>\n<h3 style=\"text-align: left;\"><b><span style=\"color: #996600;\">&#8221; Insuperabile Comandante di reparti Aerosiluranti, in quattro anni di guerra combattuta senza pari, con entusiasmo senza limiti, si\u00a0 prodigava\u00a0 oltre ogni possibilit\u00e0 coprendosi di Gloria.<br \/>\nCinque Medaglie d&#8217;Argento, tre di Bronzo ed una promozione per merito di guerra testimoniano il suo Valore.<br \/>\n<\/span><\/b><b><span style=\"color: #996600;\">Oltre\u00a0 centomila tonnellate\u00a0 di naviglio colpito\u00a0 ed affondato sono il suo pegno d&#8217;onore .Nella ripresa d&#8217;animi e di macchine ,dopo l&#8217;8 settembre, con fede indiscussa\u00a0 ricostituiva e veniva proposto alcomando del 1\u00b0 Gruppo Aerosiluranti .<br \/>\nSempre Primo nella lotta, si prodigava ancora con l&#8217;animo e col cuore al di l\u00e0 del proprio dovere , lanciandosi contro il nemico che calpestava il suolo della Patria.<br \/>\nIl mare di Roma vedeva ancora i rossi bagliori\u00a0 delle navi da lui colpite.<br \/>\nIn questa epopea di\u00a0 eroismo si gettava per l&#8217;ultima volta\u00a0 in un infernale sbarramento di fuoco guidato soltanto dalla sua fede che non ha mai tremato ne conosciuto sconfitta .<br \/>\nNel sovrumano intento di raggiungere le unit\u00e0 nemiche, sorpassava l&#8217;impossibile barriera\u00a0 che guarniva sul mare\u00a0 e sulla terra la testa di\u00a0 ponte di\u00a0 Nettuno, colpiva ancora non ritornando da quel mare che gi\u00e0 conosceva le sue\u00a0 gesta di vittoria . Suggellava cos\u00ec il suo smisurato valore, la sua fede incrollabile, le sue virt\u00f9 di combattente , come esempio agli eroi ed a vanto della rinata Patria nostra &#8220;<\/span><\/b><\/h3>\n<h3 style=\"text-align: center;\">Cielo del Mediterraneo Centrale &#8211; Testa di Ponte Nettuno<br \/>\n10-11 Marzo 1944<\/h3>\n<h3><\/h3>\n<h3><\/h3>\n<h3 style=\"text-align: center;\">Articolo sul ritrovamento<\/h3>\n<h3 style=\"text-align: center;\"><a href=\"https:\/\/pieroni.org\/index.php\/eroe\/la-nazione-2\/\" rel=\"attachment wp-att-116\">Ritrovamento relitto<\/a><\/h3>\n<h3><\/h3>\n<h3 style=\"text-align: center;\">\u00a0Filmato<\/h3>\n<h3><a href=\"https:\/\/pieroni.org\/sm79\/\"><img loading=\"lazy\" decoding=\"async\" class=\" wp-image-106 aligncenter\" src=\"https:\/\/pieroni.org\/wp-content\/uploads\/2017\/10\/sm79.gif\" alt=\"\" width=\"990\" height=\"486\" \/><\/a><\/h3>\n<h3 style=\"text-align: center;\">\u00a0 \u00a0 \u00a0 \u00a0\u00a0<a href=\"https:\/\/www.youtube.com\/watch?v=0HmpG8PdMMg\">\u00a0Savoia Marchetti S.M. 79\u00a0\u00a0\u00a0 &#8221; Il Gobbo &#8221; <\/a><\/h3>\n<h3 style=\"text-align: left;\" align=\"center\">Scheda Tecnica Veivolo:<\/h3>\n<h3>Nome: Savoia Marchetti S.M. 79 Sparviero<br \/>\nAnno: 1934<br \/>\nPrimo Volo: 8 Ottobre 1934<br \/>\nCaratteristiche: Bombardiere medio monoplano<br \/>\nEquipaggio: 4 &#8211; 5 uomini<br \/>\nApertura alare: 21,20 mt.<br \/>\nLunghezza: 15,80 mt.<br \/>\nSuperficie alare: 61,70 mq.<br \/>\nMotore\/i: 3 Alfa Romeo 126 R.C. 34 da 582 kw ( 790 CV )<br \/>\nArmamento: 3 mitragliatrici da 12,7 mm e 1 mitragliatrice da 7,7 mm<br \/>\nArmamento di caduta: 1250 kg di bombe interne<br \/>\nPeso massimo al decollo: 10500 kg<br \/>\nVelocita&#8217; massima: 430 km\/h a 4000 mt.<br \/>\nAutonomia operativa: 1900 km.<br \/>\nProduzione: oltre 1200 esemplari<\/h3>\n<p>&nbsp;<\/p>\n<p><a href=\"https:\/\/pieroni.org\/buscagliarodi\/\"><img loading=\"lazy\" decoding=\"async\" class=\"alignnone size-full wp-image-99\" src=\"https:\/\/pieroni.org\/wp-content\/uploads\/2017\/10\/BuscagliaRodi.gif\" alt=\"\" width=\"1880\" height=\"1152\" \/><\/a><\/p>\n<p>&nbsp;<\/p>\n<p style=\"text-align: center;\"><a href=\"https:\/\/pieroni.org\/sorci60010\/\"><img loading=\"lazy\" decoding=\"async\" class=\"alignnone size-full wp-image-107\" src=\"https:\/\/pieroni.org\/wp-content\/uploads\/2017\/10\/sorci60010.jpg\" alt=\"\" width=\"232\" height=\"116\" \/><\/a><\/p>\n<h3>Erano chiamate:&#8221; Sorci Verdi&#8221; le squadriglie del 12\u00b0 Stormo alludendo alle loro incredibili imprese. Nati nel 1937, avevano in breve conquistato una vasta popolarit\u00e0 anche all&#8217;estero. Venne da tutti ritenuta eccezionale, nel 1938, la traversata Guidonia-Dakar-Rio de Janeiro, e la vittoria, l&#8217;anno precedente, alla Istres-Damasco-Parigi.\u00a0 Sulle fusoliere degli SM-79 dello stormo i montatori avevano provveduto a stampare tre sorcetti verdi ritti sulle zampette posteriori. Questo distintivo si richiamava ad una esercitazione effettuata dal Reparto da Bombardamento cui appartenevano i piloti dei velivoli della gara e della crociera- Il 12\u00b0 Stormo- nel cielo di Roma, Dove gli SM 79 simulanti un&#8217;attacco sulla capitale erano riusciti a sfuggire ai Fiat GR 32 della caccia, che avrebbero dovuto intercettarli. Da qui l&#8217;emblema, a significare che i bombardieri avevano fatto vedere i &#8221; Sorci Verdi&#8221; a quelli della caccia. Nell&#8217;ultimo conflitto, il 12\u00b0Stormo, divenuto:&#8221; Bombardamento veloce al comando del Gen. Gennaro Giordano,\u00a0 fu praticamente presente in tutto il Mediterraneo, come Bombardiere e aerosilurante\u00a0 con il suo famoso 41\u00b0 Gr, al comando, prima, di Ettore Muti- Cattivo pilota ma grande fegato- e, poi, di Massimiliano Erasi).<\/h3>\n<p><a href=\"https:\/\/pieroni.org\/faggioni\/\"><img loading=\"lazy\" decoding=\"async\" class=\"wp-image-100 aligncenter\" src=\"https:\/\/pieroni.org\/wp-content\/uploads\/2017\/10\/faggioni.jpg\" alt=\"\" width=\"473\" height=\"412\" \/><\/a><\/p>\n<p><a href=\"https:\/\/www.pieroni.org\/index.php\/eroe\/faggionic\/\" rel=\"attachment wp-att-530\"><img loading=\"lazy\" decoding=\"async\" class=\" wp-image-530 aligncenter\" src=\"https:\/\/www.pieroni.org\/wp-content\/uploads\/2018\/03\/FaggioniC.jpg\" alt=\"\" width=\"486\" height=\"864\" srcset=\"https:\/\/www.pieroni.org\/wp-content\/uploads\/2018\/03\/FaggioniC.jpg 238w, https:\/\/www.pieroni.org\/wp-content\/uploads\/2018\/03\/FaggioniC-84x150.jpg 84w, https:\/\/www.pieroni.org\/wp-content\/uploads\/2018\/03\/FaggioniC-169x300.jpg 169w\" sizes=\"auto, (max-width: 486px) 100vw, 486px\" \/><\/a><\/p>\n<p><a href=\"https:\/\/pieroni.org\/za_31\/\"><img loading=\"lazy\" decoding=\"async\" class=\" wp-image-108 aligncenter\" src=\"https:\/\/pieroni.org\/wp-content\/uploads\/2017\/10\/za_31.jpg\" alt=\"\" width=\"481\" height=\"335\" srcset=\"https:\/\/www.pieroni.org\/wp-content\/uploads\/2017\/10\/za_31.jpg 443w, https:\/\/www.pieroni.org\/wp-content\/uploads\/2017\/10\/za_31-300x209.jpg 300w\" sizes=\"auto, (max-width: 481px) 100vw, 481px\" \/><\/a><\/p>\n<p>&nbsp;<\/p>\n<table width=\"760\">\n<tbody>\n<tr>\n<td width=\"923\"><strong>Aeronautica Nazionale Repubblicana<\/strong><\/p>\n<p>Dopo l&#8217;8 settembre per i piloti che decisero di rimanere al nord l&#8217;ordine emanato dai tedeschi era chiaro:<\/p>\n<p><em>&#8220;Tutti gli ufficiali, sottufficiali ed avieri, e tutti gli appartenenti all\u2019Aeronautica scioltasi, che finora non sono stati arruolati debbono presentarsi in divisa fra l&#8217;1 ed il\u00a05\u00a0ottobre, al campo d\u2019aviazione di Malpensa (Gallarate) per essere riassunti ed impiegati nell\u2019Aeronautica tedesca&#8221;<\/em><\/p>\n<p>Ma ai reduci della Regia la frase\u00a0<em>&#8220;per essere riassunti ed impiegati nell&#8217;aeronautica tedesca&#8221;<\/em>\u00a0non piaceva affatto; erano soldati italiani e tali volevano rimanere. Poi il 14 ottobre, il colonnello Botto eman\u00f2 un chiaro bando, che venne diffuso anche per radio:<\/p>\n<p><em>&#8220;<\/em><em>Dispongo che tutto il personale appartenente a tutte le categorie e specialit\u00e0 dell\u2019Aeronautica, esclusi i graduati e gli avieri di governo, gi\u00e0 in servizio il giorno 8 settembre, debba intendersi richiamato in servizio alla data di pubblicazione del presente bando.<\/em><\/p>\n<p><em>Il\u00a0personale comunque residente nel territorio della 1\u00b0 Squadra Aerea si presenti al Comando di detta Squadra in Milano o al Comando del Presidio Aeronautico di Torino.<\/em><\/p>\n<p><em>Il personale comunque residente nel territorio della 28 Squadra Aerea si presenti al Comando della detta Squadra in Padova.<\/em><\/p>\n<p><em>Il personale comunque residente nel territorio della 3\u00b0 Squadra Aerea si presenti: quello residente nella Citt\u00e0 Aperta di Roma ed a Sud di detta citt\u00e0 al Comando Aereo di Roma, in Via Libro e Moschetto; il rimanente personale comunque residente nel territorio della\u00a03\u00b0\u00a0Squadra Aerea a Nord di Roma si presenti al Comando della 2\u00b0 Squadra Aerea di Padova.<\/em><\/p>\n<p><em>Il personale tutto dovr\u00e0 presentarsi al posto di adunata in uniforme ordinaria con il proprio equipaggiamento. Le per\u00adsone che per qualsiasi motivo si trovano in qualche posto a disposizione delle Autorit\u00e0 tedesche sono comprese nell\u2019attuale assegnazione come facenti parte dell\u2019Aeronautica Italiana comandate temporaneamente presso i Reparti tedeschi.<\/em><\/p>\n<p><em>Il personale della Specialit\u00e0 Caccia che ha risposto al bando del tenente colonnello Falconi viene a far parte dell\u2019Aeronautica Italiana, come pure il personale che ha risposto ai bandi pubblicati dalle Autorit\u00e0 tedesche. Essendo ormai superato il comunicato del 1\u00b0 ottobre, i Comandi Militari ed i Podest\u00e0 rilasceranno fogli di viaggio per raggiungere i posti di pre\u00adsentazione, inviando ai Comandi interessati gli elenchi nominativi dei certificati di viaggio rilasciati.<\/em><\/p>\n<p><em>La presentazione del personale ai Comandi succitati deve avvenire dal giorno 18 al 28 ottobre\u00a01943.<\/em><\/p>\n<p><em>\u00a0\u00a0\u00a0\u00a0\u00a0\u00a0\u00a0\u00a0 14 ottobre\u00a01943.<\/em><\/p>\n<p><em>\u00a0\u00a0\u00a0\u00a0\u00a0\u00a0\u00a0\u00a0\u00a0\u00a0\u00a0\u00a0 Il Sottosegretario di Stato<\/em><\/p>\n<p><em>\u00a0\u00a0\u00a0\u00a0\u00a0\u00a0\u00a0\u00a0\u00a0\u00a0\u00a0 Ernesto Botto<\/em><\/p>\n<p>I piloti italiani furono felicissimi di sentire finalmente ordini precisi da un loro superiore dopo tanto sbandamento e disordine.<\/p>\n<p>Il 28 i Tedeschi, comunicarono un ordine di volo per i piloti italiani: trasferire in volo 32 addestratori Ba.25 da Treviso a Bresso ed altri caccia italiani come Cr.42, C.200 e 202 a Gorizia. I Tedeschi ordinarono anche che i velivoli pi\u00f9 efficienti venissero trasferiti in Germania dagli italiani, che si rifiutarono categoricamente di obbedire a tale ordine.<\/p>\n<p>Intanto nel gennaio &#8217;44 entrava in azione la A.N.R. l&#8217;Ordine di Battaglia era il seguente:<\/p>\n<table width=\"95%\">\n<tbody>\n<tr>\n<td width=\"17%\"><strong>\u00a0.<\/strong><\/td>\n<td width=\"31%\">.<\/td>\n<td width=\"28%\"><strong>Comandante<\/strong><\/td>\n<td width=\"47%\"><strong>Aeroporto<\/strong><\/td>\n<td width=\"26%\"><strong>Velivolo<\/strong><\/td>\n<td width=\"24%\"><strong>Simbolo<\/strong><\/td>\n<\/tr>\n<tr>\n<td rowspan=\"4\" width=\"17%\"><strong>1\u00b0 Gruppo Caccia<\/strong><\/p>\n<p>&nbsp;<\/p>\n<p>Magg. Borgogno<\/td>\n<td width=\"31%\">1\u00b0 Squadriglia<\/p>\n<p>&#8220;Larsimont&#8221;<\/td>\n<td width=\"28%\">Cap. Visconti<\/td>\n<td width=\"47%\">Campoformido (UD)<\/td>\n<td width=\"26%\">Mc.205<\/td>\n<td width=\"24%\">Asso di Bastoni (ex 53\u00b0 Gr.)<\/td>\n<\/tr>\n<tr>\n<td width=\"31%\">2\u00b0 Squadriglia<\/p>\n<p>&#8220;Bobba&#8221;<\/td>\n<td width=\"28%\">Cap. Marinone<\/td>\n<td width=\"47%\">Campoformido (UD)<\/td>\n<td width=\"26%\">Mc.205<\/td>\n<td width=\"24%\">Vespa<\/p>\n<p>(ex 3\u00b0 St.)<\/td>\n<\/tr>\n<tr>\n<td width=\"31%\">3\u00b0 Squadriglia<\/p>\n<p>&#8220;Ocarso&#8221;<\/td>\n<td width=\"28%\">Cap. Calistri<\/td>\n<td width=\"47%\">Campoformido (UD)<\/td>\n<td width=\"26%\">Mc.205<\/td>\n<td width=\"24%\">Arciere<\/p>\n<p>(ex 1\u00b0 St.)<\/td>\n<\/tr>\n<tr>\n<td width=\"31%\">Squadrglia AUT<\/p>\n<p>&#8220;Montefusco&#8221;<\/td>\n<td width=\"28%\">Cap. Bonet<\/td>\n<td width=\"47%\">Torino<\/td>\n<td width=\"26%\">G.55<\/td>\n<td width=\"24%\">.<\/td>\n<\/tr>\n<tr>\n<td rowspan=\"3\" width=\"17%\"><strong>2\u00b0 Gruppo Caccia<\/strong><\/p>\n<p>&nbsp;<\/p>\n<p>(in fase organizzativa)<\/td>\n<td width=\"31%\">1\u00b0 Squadriglia<\/p>\n<p>&#8220;Canepele&#8221;<\/td>\n<td width=\"28%\">Ten. Drago<\/td>\n<td width=\"47%\">Bresso<\/td>\n<td width=\"26%\">G.55<\/td>\n<td width=\"24%\">Gigi 3 osei<\/p>\n<p>(ex 150\u00b0 Gr.)<\/td>\n<\/tr>\n<tr>\n<td width=\"31%\">2\u00b0 Squadriglia<\/p>\n<p>&#8220;Magaldi&#8221;<\/td>\n<td width=\"28%\">Cap. Bellagambi<\/td>\n<td width=\"47%\">Bresso<\/td>\n<td width=\"26%\">G.55<\/td>\n<td width=\"24%\">Divolo Rosso<\/p>\n<p>(ex 6\u00b0 St.)<\/td>\n<\/tr>\n<tr>\n<td width=\"31%\">3\u00b0 Squadriglia<\/p>\n<p>&#8220;Graffer&#8221;<\/td>\n<td width=\"28%\">Ten. Giannelli<\/td>\n<td width=\"47%\">Bresso<\/td>\n<td width=\"26%\">G.55<\/td>\n<td width=\"24%\">Gamba di Ferro<\/p>\n<p>(ex 97\u00b0 Sq.)<\/td>\n<\/tr>\n<tr>\n<td width=\"17%\"><strong>1\u00b0 Gruppo Aerosiluranti<\/strong><\/p>\n<p>&#8220;Buscaglia&#8221;<\/td>\n<td width=\"31%\">.<\/td>\n<td width=\"28%\">Ten Col. Faggioni<\/td>\n<td width=\"47%\">Gorizia<\/td>\n<td width=\"26%\">S.79 S<\/td>\n<td width=\"24%\">&#8220;B&#8221;<\/p>\n<p>(Buscaglia)<\/td>\n<\/tr>\n<tr>\n<td width=\"17%\"><strong>1\u00b0 Gruppo Trasporti<\/strong><\/td>\n<td width=\"31%\">.<\/td>\n<td width=\"28%\">.<\/td>\n<td width=\"47%\">Golsar (Germana)<\/td>\n<td width=\"26%\">S.81<\/td>\n<td width=\"24%\">.<\/td>\n<\/tr>\n<tr>\n<td width=\"17%\"><strong>2\u00b0 Gruppo Trasporti<\/strong><\/td>\n<td width=\"31%\">.<\/td>\n<td width=\"28%\">.<\/td>\n<td width=\"47%\">Golsar (Germana)<\/td>\n<td width=\"26%\">S.82<\/td>\n<td width=\"24%\">.<\/td>\n<\/tr>\n<\/tbody>\n<\/table>\n<p>Il battesimo del fuoco per la A.N.R. avvenne il 3 gennaio, dove gli Mc.205 dell&#8217;Asso di Bastoni abbatterono tre P.38 americani senza subire perdite.<\/p>\n<p>Il 30 gennaio avvenne un grosso scontro tra le Squadriglie del 1\u00b0 Gruppo e formazioni di B.24 e P.47.<\/p>\n<p>Gli italiani abbattono 3 P.47 e 2 B.24, a costo di 3 Mc.205 pilotati dal Cap.Marinone, dal Ten. Torchio e dal Sottoten. Cipiciani.<\/p>\n<p>Intanto, bench\u00e9 ammirato da tutta la A.N.R., il colonnello Ernesto Botto \u00e8 costretto a lasciare il suo posto di Sottosegretario di Stato dell&#8217;Aeronautica, scatenando il malcontento tra i reparti; il suo posto verr\u00e0 preso dal Gen. di Brig. Aerea Enrico Tessari.<\/p>\n<p>Il 10 marzo 7 S.79 del reparto &#8220;Buscaglia&#8221; effettuano una incursione notturna contro naviglio alleato, affondano un grosso mercantile e ne colpiscono altri. Durante la seguente battaglia contro la caccia notturna, l&#8217;S.79 del Ten.Teta precipita in fiamme con il suo equipaggio, gli altri aerei tornano salvi alla base.<\/p>\n<p>Il 14 la stessa azione viene ripetuta ancora vittoriosamente, ma anche in questo caso l&#8217;S.79S del ten. Balzarotti viene abbattuto.<\/p>\n<p>&nbsp;<\/p>\n<p>Il Gruppo Aerosiluranti, costruito a fatica in sei mesi dalla caparbiet\u00e0 del Ten.Col. Faggioni, era dislocato a Gorizia, ma le azioni partivano dalla base-trampolino di Perugia.<\/p>\n<p>Lo stesso Faggioni aveva fatto apportare modifiche agli S.79S: venne aggiunto un cannone da 20mm, venne eliminata la gondola ventrale del puntatore e vennero modificati gli scarichi per azioni notturne.<\/p>\n<p>Essi cominciavano ad essere fastidiosi per il comando alleato; la base di Gorizia fu quindi attaccata e semi-distrutta il 18 marzo da una incursione.<\/p>\n<p>Il duro lavoro di Faggioni e dei suoi uomini fu buttato al vento in pochi minuti.<\/p>\n<p>&nbsp;<\/p>\n<p>Intanto, il 14,\u00a0 i piloti del 1\u00b0 Gruppo intercettano, in collaborazione con i tedeschi, una formazione di B.24 con una nutrita scorta di P.38 &#8220;Lightning&#8221;. Lo scontro con i caccia \u00e8 furibondo e 3 P.38 vengono abbattuti, poi i &#8220;Veltro&#8221; si spostano sui B.24 e ne abbattono 3. Durante la lotta il velivolo del Magg. Zaccaria prende fuoco e precipita, il pilota si butta con il paracadute ma a causa delle gravi ferite atterrer\u00e0 gi\u00e0 morto.<\/p>\n<p>&nbsp;<\/p>\n<p>Il 26 marzo, avviene uno scontro aereo contro formazioni americane, il Macchi del Ten. Casertini non rientra alla base.<\/p>\n<p>&nbsp;<\/p>\n<p>Il 28 marzo altri scontri con P.38 e B.24;\u00a0 il Ten. Saieva colpisce a morte un &#8220;Lightning&#8221; ma cavarellescamente\u00a0 lo lascia atterrare senza abbatterlo, nella stessa giornata altri probabili abbattimenti e nessuna perdita.<\/p>\n<p>&nbsp;<\/p>\n<p>Il 29 marzo, 7 G.55 della squadriglia AUT del Cap. Bonet, intercettano un grosso gruppo di B.17 scortati da P.47. Gli italiani sono in netta inferiorit\u00e0 (circa 1:10) ma riescono a disunire la formazione di bombardieri che si disorienta e non effettua come dovuto il passaggio sulla citt\u00e0.<\/p>\n<p>Durante la missione verr\u00e0 abbattuto il Cap. Bonet. Il Ten. Jellici per un errore di manovra perde il controllo del suo G.55 e si salva con il paracadute.<\/p>\n<p>Il comando della &#8220;Montefusco&#8221; viene preso dal Ten. Bjron.<\/p>\n<p>Lo stesso giorno pi\u00f9 a est, i caccia delle altre squadriglie continuano a combattere. Capatti \u00e8 abbattuto, mentre Pittini atterra fuori campo e gli dovette essere amputata una gamba.<\/p>\n<p>&nbsp;<\/p>\n<p>Il 2 aprile durante uno scontro aereo sull&#8217;Istria, i Macchi dei tenenti Marchi e Burei si scontrano in volo, Marchi perde la vita.<\/p>\n<p>&nbsp;<\/p>\n<p>Il 6 aprile un&#8217;altra formazione di B.17 e P.47 si dirige al nord. Li intercettano ancora i caccia dell&#8217;unico gruppo da caccia finora disponibile, il 1\u00b0.<\/p>\n<p>Lo scontro \u00e8 anche questa volta violento, gli aerei alleati sono circa 400, mentre gli italiani circa 40. Vengono abbattuti i caccia dei tenenti Lugari e Morosi; da parte alleata le perdite sono elevate, un numero imprecisato di caccia e fortezze volanti.<\/p>\n<p>&nbsp;<\/p>\n<p>La seconda settimana di aprile \u00e8 un giorno tragico per la A.N.R.<\/p>\n<p>Il 6, tredici S.79S partono dalla nuova base di Lonate Pozzolo verso Perugia, per una incursione contro navi alleate nella zona di Anzio. Durante il trasferimento vengono intercettati da una decina di P.47 che gi\u00e0 in una passata distruggono i 4 trimotori di Albini, Lulli, Cusimano e Fabbri. Gli altri, anche se appesantiti dal siluro, riescono a sfuggire ai caccia e ad atterrare a Forl\u00ec, altri ad Arezzo e altri due Firenze.<\/p>\n<p>Molti aerei sono talmente mal ridotti che non sono considerati pi\u00f9 riparabili.<\/p>\n<p>Solo dopo quattro giorni, 4 velivoli superstiti ripartono, con in testa Faggioni, per portare a termine la loro disperata missione. Nonostante la forte contraerea, tutti i trimotori mettono a segno il loro siluro. Poi vengono colpiti due aerei, quello di Faggioni, che esplode in aria, e quello di Sponza che riesce ad ammarare. Valerio precipiter\u00e0 pi\u00f9 tardi, a causa dei danni provocati dalla contraerea e del maltempo, ma riuscir\u00e0 a tenere l&#8217;aereo in aria per far salvare il resto del suo equipaggio (si salver\u00e0 solo il 2\u00b0 pilota). L&#8217;altro S.79S, quello di Bertuzzi, atterra a Lonate pieno di pallottole.<\/p>\n<p>Il Gruppo Aerosiluranti &#8220;Buscaglia&#8221;, dopo un mese di attivit\u00e0 \u00e8 completamente distrutto.<\/p>\n<p>&nbsp;<\/p>\n<p>La caccia non \u00e8 messa meglio avendo perso in tre mesi e mezzo di attivit\u00e0, ben 18 piloti e altrettanti aerei.<\/p>\n<p>In aprile,\u00a0 vengono persi altri 2 piloti il maresciallo Selvatico e il ten. Bandini.<\/p>\n<p>&nbsp;<\/p>\n<p>Intanto il 29 aprile inizia la attivit\u00e0 bellica del 2\u00b0 Gruppo Caccia, scontrandosi con formazioni alleate e abbattendo qualche velivolo. Durante la giornata non torner\u00e0 alla base il G.55 del ten. Manzitti.<\/td>\n<\/tr>\n<\/tbody>\n<\/table>\n<p>Foto e materiale estratto da &#8221; I RAGAZZI DEL GRUPPO BUSCAGLIA &#8221;<br \/>\nEdito dall&#8217;Amico GIANNI BIANCHI<\/p>\n","protected":false},"excerpt":{"rendered":"<p>&nbsp; Com.te Pilota Carlo FAGGIONI Carrara 26 Gennaio 1915 Mediterraneo Centrale\u00a011 Marzo 1944\u00a0\u00a0\u00a0\u00a0 MOTIVAZIONE MEDAGLIA D&#8217;ORO &#8221; Insuperabile Comandante di reparti Aerosiluranti, in quattro anni di guerra combattuta senza pari, con entusiasmo senza limiti, si\u00a0 prodigava\u00a0 oltre ogni possibilit\u00e0 coprendosi di Gloria. Cinque Medaglie d&#8217;Argento, tre di Bronzo ed una promozione per merito di guerra [&hellip;]<\/p>\n","protected":false},"author":1,"featured_media":0,"parent":0,"menu_order":0,"comment_status":"closed","ping_status":"closed","template":"","meta":{"footnotes":""},"class_list":["post-20","page","type-page","status-publish","hentry"],"_links":{"self":[{"href":"https:\/\/www.pieroni.org\/index.php\/wp-json\/wp\/v2\/pages\/20","targetHints":{"allow":["GET"]}}],"collection":[{"href":"https:\/\/www.pieroni.org\/index.php\/wp-json\/wp\/v2\/pages"}],"about":[{"href":"https:\/\/www.pieroni.org\/index.php\/wp-json\/wp\/v2\/types\/page"}],"author":[{"embeddable":true,"href":"https:\/\/www.pieroni.org\/index.php\/wp-json\/wp\/v2\/users\/1"}],"replies":[{"embeddable":true,"href":"https:\/\/www.pieroni.org\/index.php\/wp-json\/wp\/v2\/comments?post=20"}],"version-history":[{"count":32,"href":"https:\/\/www.pieroni.org\/index.php\/wp-json\/wp\/v2\/pages\/20\/revisions"}],"predecessor-version":[{"id":532,"href":"https:\/\/www.pieroni.org\/index.php\/wp-json\/wp\/v2\/pages\/20\/revisions\/532"}],"wp:attachment":[{"href":"https:\/\/www.pieroni.org\/index.php\/wp-json\/wp\/v2\/media?parent=20"}],"curies":[{"name":"wp","href":"https:\/\/api.w.org\/{rel}","templated":true}]}}